{"id":16246,"date":"2022-09-01T09:46:01","date_gmt":"2022-09-01T07:46:01","guid":{"rendered":"https:\/\/kehl.dakd.de\/?post_type=tribe_events&#038;eventDate=2023-03-05#038;p=13084"},"modified":"2022-12-21T04:25:39","modified_gmt":"2022-12-21T03:25:39","slug":"patarag-kehl-5-3-2023","status":"publish","type":"tribe_events","link":"https:\/\/kehl.dakd.de\/am\/gve\/patarag-kehl-5-3-2023\/","title":{"rendered":"Surb Patarag"},"content":{"rendered":"<p><div class=\"fusion-fullwidth fullwidth-box fusion-builder-row-1 fusion-flex-container nonhundred-percent-fullwidth non-hundred-percent-height-scrolling\" style=\"--awb-border-radius-top-left:0px;--awb-border-radius-top-right:0px;--awb-border-radius-bottom-right:0px;--awb-border-radius-bottom-left:0px;--awb-flex-wrap:wrap;\" ><div class=\"fusion-builder-row fusion-row fusion-flex-align-items-flex-start fusion-flex-content-wrap\" style=\"max-width:1248px;margin-left: calc(-4% \/ 2 );margin-right: calc(-4% \/ 2 );\"><div class=\"fusion-layout-column fusion_builder_column fusion-builder-column-0 fusion_builder_column_1_1 1_1 fusion-flex-column\" style=\"--awb-bg-size:cover;--awb-width-large:100%;--awb-margin-top-large:0px;--awb-spacing-right-large:1.92%;--awb-margin-bottom-large:20px;--awb-spacing-left-large:1.92%;--awb-width-medium:100%;--awb-order-medium:0;--awb-spacing-right-medium:1.92%;--awb-spacing-left-medium:1.92%;--awb-width-small:100%;--awb-order-small:0;--awb-spacing-right-small:1.92%;--awb-spacing-left-small:1.92%;\"><div class=\"fusion-column-wrapper fusion-column-has-shadow fusion-flex-justify-content-flex-start fusion-content-layout-column\"><div class=\"fusion-title title fusion-title-1 fusion-sep-none fusion-title-text fusion-title-size-two\"><h2 class=\"fusion-title-heading title-heading-left\" style=\"margin:0;\"><p>\u0533 \u056f\u056b\u0582\u0580\u0561\u056f\u0567 \u0554\u0561\u057c\u0561\u057d\u0576\u0578\u0580\u0564\u0561\u056f\u0561\u0576 \u057a\u0561\u0570\u0578\u0581 (\u0531\u0576\u0561\u057c\u0561\u056f\u056b\u0576)<br \/>\n3. Sonntag der Gro\u00dfen Fastenzeit (Sonntag des Verlorenen Sohnes)<\/p><\/h2><\/div><div class=\"fusion-text fusion-text-1\"><\/div><div class=\"fusion-text fusion-text-2\" style=\"--awb-text-transform:none;\"><p><strong>Wir laden Sie herzlich zu unseren Gottesdiensten ein.<\/strong><\/p>\n<p>Jeden Sonntag laden wir unsere Gemeinde zur Feier der Heiligen Liturgie ein. Sie wird auf Armenisch \u054d\u0578\u0582\u0580\u0562 \u054a\u0561\u057f\u0561\u0580\u0561\u0563 (je nach Aussprache: Surb Patarag \/ Surp Badarak) genannt und in Altarmenisch (Grabar) zelebriert. \u00dcbersetzungen, mit deren Hilfe man dem Gottesdienst folgen kann, liegen in unseren Kirchen vor. Die Lesungen und die Predigt werden in Armenisch und\/oder Deutsch gelesen bzw. gehalten.<\/p>\n<\/div><\/div><\/div><\/div><\/div><div class=\"fusion-fullwidth fullwidth-box fusion-builder-row-2 fusion-flex-container nonhundred-percent-fullwidth non-hundred-percent-height-scrolling\" style=\"--awb-border-radius-top-left:0px;--awb-border-radius-top-right:0px;--awb-border-radius-bottom-right:0px;--awb-border-radius-bottom-left:0px;--awb-flex-wrap:wrap;\" ><div class=\"fusion-builder-row fusion-row fusion-flex-align-items-flex-start fusion-flex-content-wrap\" style=\"max-width:1248px;margin-left: calc(-4% \/ 2 );margin-right: calc(-4% \/ 2 );\"><div class=\"fusion-layout-column fusion_builder_column fusion-builder-column-1 fusion_builder_column_1_2 1_2 fusion-flex-column\" style=\"--awb-bg-size:cover;--awb-width-large:50%;--awb-margin-top-large:0px;--awb-spacing-right-large:3.84%;--awb-margin-bottom-large:20px;--awb-spacing-left-large:3.84%;--awb-width-medium:100%;--awb-order-medium:0;--awb-spacing-right-medium:1.92%;--awb-spacing-left-medium:1.92%;--awb-width-small:100%;--awb-order-small:0;--awb-spacing-right-small:1.92%;--awb-spacing-left-small:1.92%;\"><div class=\"fusion-column-wrapper fusion-column-has-shadow fusion-flex-justify-content-flex-start fusion-content-layout-column\"><div class=\"fusion-text fusion-text-3\" style=\"--awb-text-transform:none;\"><p><span style=\"font-size: 14pt;\"><strong>\u0538\u0576\u0569\u0565\u0580\u0581\u057e\u0561\u056e\u0584\u055d<br \/>\nLesungen:<\/strong><\/span><\/p>\n<p>\u0535\u057d. \/ <a href=\"https:\/\/www.bibleserver.com\/EU\/Jesaja54%2C11-17\" class=\"bibleserver extern\" target=\"_blank\" rel=\"noopener\">Jes 54.11-55.13<\/a>:<br \/>\n\u0532 \u053f\u0580. \/ <a href=\"https:\/\/www.bibleserver.com\/EU\/2.Korinther6%2C1-7\" class=\"bibleserver extern\" target=\"_blank\" rel=\"noopener\">2. Kor 6.1-7.1<\/a>:<br \/>\n\u0542\u056f. \/ <a href=\"https:\/\/www.bibleserver.com\/EU\/Lukas15%2C1-32\" class=\"bibleserver extern\" target=\"_blank\" rel=\"noopener\">Lk 15.1-32<\/a>:<\/p>\n<\/div><div ><a class=\"fusion-button button-flat fusion-button-default-size button-default fusion-button-default button-1 fusion-button-default-span fusion-button-default-type\" target=\"_self\" href=\"https:\/\/kehl.dakd.de\/am\/bibel\/\"><span class=\"fusion-button-text\">Bibel lesen<\/span><\/a><\/div><\/div><\/div><div class=\"fusion-layout-column fusion_builder_column fusion-builder-column-2 fusion_builder_column_1_2 1_2 fusion-flex-column\" style=\"--awb-bg-size:cover;--awb-width-large:50%;--awb-margin-top-large:0px;--awb-spacing-right-large:3.84%;--awb-margin-bottom-large:20px;--awb-spacing-left-large:3.84%;--awb-width-medium:100%;--awb-order-medium:0;--awb-spacing-right-medium:1.92%;--awb-spacing-left-medium:1.92%;--awb-width-small:100%;--awb-order-small:0;--awb-spacing-right-small:1.92%;--awb-spacing-left-small:1.92%;\"><div class=\"fusion-column-wrapper fusion-column-has-shadow fusion-flex-justify-content-flex-start fusion-content-layout-column\"><div class=\"fusion-image-element\" style=\"--awb-caption-title-font-family:var(--h2_typography-font-family);--awb-caption-title-font-weight:var(--h2_typography-font-weight);--awb-caption-title-font-style:var(--h2_typography-font-style);--awb-caption-title-size:var(--h2_typography-font-size);--awb-caption-title-transform:var(--h2_typography-text-transform);--awb-caption-title-line-height:var(--h2_typography-line-height);--awb-caption-title-letter-spacing:var(--h2_typography-letter-spacing);\"><span class=\"fusion-imageframe imageframe-none imageframe-1 hover-type-none\"><a class=\"fusion-no-lightbox\" href=\"https:\/\/www.lit-verlag.de\/isbn\/978-3-643-13154-6\" target=\"_blank\" aria-label=\"Patarag-III-900&#215;600-PIX\" rel=\"noopener noreferrer\"><img decoding=\"async\" width=\"900\" height=\"600\" src=\"https:\/\/kehl.dakd.de\/wp-content\/uploads\/2022\/09\/Patarag-III-900x600-PIX.jpg\" alt class=\"img-responsive wp-image-13094\" srcset=\"https:\/\/kehl.dakd.de\/wp-content\/uploads\/2022\/09\/Patarag-III-900x600-PIX-200x133.jpg 200w, https:\/\/kehl.dakd.de\/wp-content\/uploads\/2022\/09\/Patarag-III-900x600-PIX-400x267.jpg 400w, https:\/\/kehl.dakd.de\/wp-content\/uploads\/2022\/09\/Patarag-III-900x600-PIX-600x400.jpg 600w, https:\/\/kehl.dakd.de\/wp-content\/uploads\/2022\/09\/Patarag-III-900x600-PIX-800x533.jpg 800w, https:\/\/kehl.dakd.de\/wp-content\/uploads\/2022\/09\/Patarag-III-900x600-PIX.jpg 900w\" sizes=\"(max-width: 1024px) 100vw, (max-width: 640px) 100vw, 600px\" \/><\/a><\/span><\/div><\/div><\/div><\/div><\/div><div class=\"fusion-fullwidth fullwidth-box fusion-builder-row-3 fusion-flex-container nonhundred-percent-fullwidth non-hundred-percent-height-scrolling fusion-no-small-visibility\" style=\"--awb-border-radius-top-left:0px;--awb-border-radius-top-right:0px;--awb-border-radius-bottom-right:0px;--awb-border-radius-bottom-left:0px;--awb-flex-wrap:wrap;\" ><div class=\"fusion-builder-row fusion-row fusion-flex-align-items-flex-start fusion-flex-content-wrap\" style=\"max-width:1248px;margin-left: calc(-4% \/ 2 );margin-right: calc(-4% \/ 2 );\"><div class=\"fusion-layout-column fusion_builder_column fusion-builder-column-3 fusion_builder_column_1_1 1_1 fusion-flex-column\" style=\"--awb-bg-size:cover;--awb-width-large:100%;--awb-margin-top-large:0px;--awb-spacing-right-large:1.92%;--awb-margin-bottom-large:20px;--awb-spacing-left-large:1.92%;--awb-width-medium:100%;--awb-order-medium:0;--awb-spacing-right-medium:1.92%;--awb-spacing-left-medium:1.92%;--awb-width-small:100%;--awb-order-small:0;--awb-spacing-right-small:1.92%;--awb-spacing-left-small:1.92%;\"><div class=\"fusion-column-wrapper fusion-column-has-shadow fusion-flex-justify-content-flex-start fusion-content-layout-column\"><div class=\"fusion-separator fusion-full-width-sep\" style=\"align-self: center;margin-left: auto;margin-right: auto;margin-top:15px;margin-bottom:15px;width:100%;\"><div class=\"fusion-separator-border sep-double sep-solid\" style=\"--awb-height:20px;--awb-amount:20px;--awb-sep-color:var(--awb-custom11);border-color:var(--awb-custom11);border-top-width:1px;border-bottom-width:1px;\"><\/div><\/div><div class=\"fusion-text fusion-text-4\" style=\"--awb-text-transform:none;\"><p><strong><span style=\"color: #003366;\">Wir laden auch Sie ganz herzlich zum Kirchencaf\u00e9 ein.<\/span><\/strong><\/p>\n<p class=\"bodytext\">Der Kirchencaf\u00e9 in Kehl findet ab 2023, im Anschluss an den Surb Patarag, im <a href=\"https:\/\/goo.gl\/maps\/tTHtpuSJBAZ7oaqr9\" target=\"_blank\" rel=\"noopener\">Gemeindehaus St. Nepomuk<\/a>\u00a0statt. Es ist eine gute Gelegenheit f\u00fcr Begegnung und Austausch nach dem Gottesdienst.<\/p>\n<p class=\"bodytext\">Den Kirchkaffee bereiten jeweils ein paar freiwillige Helfer*Innen zu, die auch den Ausschank und den Abwasch \u00fcbernehmen. Gerne k\u00f6nnen auch Sie sich dazu bei dem Vorstand der Armenischen Gemeinde Kehl e.V. unter (kehl (at) dakd.de) anmelden. Der Aufwand daf\u00fcr h\u00e4lt sich in Grenzen, und es macht Spa\u00df, dabei mit den Gottesdienstbesuchern ins Gespr\u00e4ch zu kommen.<\/p>\n<\/div><div class=\"fusion-image-element\" style=\"--awb-caption-title-font-family:var(--h2_typography-font-family);--awb-caption-title-font-weight:var(--h2_typography-font-weight);--awb-caption-title-font-style:var(--h2_typography-font-style);--awb-caption-title-size:var(--h2_typography-font-size);--awb-caption-title-transform:var(--h2_typography-text-transform);--awb-caption-title-line-height:var(--h2_typography-line-height);--awb-caption-title-letter-spacing:var(--h2_typography-letter-spacing);\"><span class=\"fusion-imageframe imageframe-none imageframe-2 hover-type-none\"><img decoding=\"async\" width=\"900\" height=\"600\" title=\"Kirchencafe Kehl (900 \u00d7 600 px)\" src=\"https:\/\/kehl.dakd.de\/wp-content\/uploads\/2022\/09\/Kirchencafe-Kehl-900-\u00d7-600-px.jpg\" alt class=\"img-responsive wp-image-16332\" srcset=\"https:\/\/kehl.dakd.de\/wp-content\/uploads\/2022\/09\/Kirchencafe-Kehl-900-\u00d7-600-px-200x133.jpg 200w, https:\/\/kehl.dakd.de\/wp-content\/uploads\/2022\/09\/Kirchencafe-Kehl-900-\u00d7-600-px-400x267.jpg 400w, https:\/\/kehl.dakd.de\/wp-content\/uploads\/2022\/09\/Kirchencafe-Kehl-900-\u00d7-600-px-600x400.jpg 600w, https:\/\/kehl.dakd.de\/wp-content\/uploads\/2022\/09\/Kirchencafe-Kehl-900-\u00d7-600-px-800x533.jpg 800w, https:\/\/kehl.dakd.de\/wp-content\/uploads\/2022\/09\/Kirchencafe-Kehl-900-\u00d7-600-px.jpg 900w\" sizes=\"(max-width: 1024px) 100vw, (max-width: 640px) 100vw, 900px\" \/><\/span><\/div><div class=\"fusion-separator fusion-full-width-sep\" style=\"align-self: center;margin-left: auto;margin-right: auto;margin-top:15px;margin-bottom:15px;width:100%;\"><div class=\"fusion-separator-border sep-double sep-solid\" style=\"--awb-height:20px;--awb-amount:20px;--awb-sep-color:var(--awb-custom11);border-color:var(--awb-custom11);border-top-width:1px;border-bottom-width:1px;\"><\/div><\/div><\/div><\/div><div class=\"fusion-layout-column fusion_builder_column fusion-builder-column-4 fusion_builder_column_1_2 1_2 fusion-flex-column\" style=\"--awb-bg-size:cover;--awb-width-large:50%;--awb-margin-top-large:0px;--awb-spacing-right-large:3.84%;--awb-margin-bottom-large:20px;--awb-spacing-left-large:3.84%;--awb-width-medium:100%;--awb-order-medium:0;--awb-spacing-right-medium:1.92%;--awb-spacing-left-medium:1.92%;--awb-width-small:100%;--awb-order-small:0;--awb-spacing-right-small:1.92%;--awb-spacing-left-small:1.92%;\"><div class=\"fusion-column-wrapper fusion-column-has-shadow fusion-flex-justify-content-flex-start fusion-content-layout-column\"><div class=\"fusion-image-element\" style=\"--awb-caption-title-font-family:var(--h2_typography-font-family);--awb-caption-title-font-weight:var(--h2_typography-font-weight);--awb-caption-title-font-style:var(--h2_typography-font-style);--awb-caption-title-size:var(--h2_typography-font-size);--awb-caption-title-transform:var(--h2_typography-text-transform);--awb-caption-title-line-height:var(--h2_typography-line-height);--awb-caption-title-letter-spacing:var(--h2_typography-letter-spacing);\"><span class=\"fusion-imageframe imageframe-none imageframe-3 hover-type-none\"><a class=\"fusion-no-lightbox\" href=\"https:\/\/youtube.com\/playlist?list=PLbjQuac-jQFdEyqVrWeSpHZVIbb1Aw_A0\" target=\"_blank\" aria-label=\"Dioezese-der-Armenische-Kirche-in-Deutschland-900-x-600-px (1)\" rel=\"noopener noreferrer\"><img decoding=\"async\" width=\"900\" height=\"600\" src=\"https:\/\/kehl.dakd.de\/wp-content\/uploads\/2022\/09\/Dioezese-der-Armenische-Kirche-in-Deutschland-900-x-600-px-1.jpg\" alt class=\"img-responsive wp-image-16333\" srcset=\"https:\/\/kehl.dakd.de\/wp-content\/uploads\/2022\/09\/Dioezese-der-Armenische-Kirche-in-Deutschland-900-x-600-px-1-200x133.jpg 200w, https:\/\/kehl.dakd.de\/wp-content\/uploads\/2022\/09\/Dioezese-der-Armenische-Kirche-in-Deutschland-900-x-600-px-1-400x267.jpg 400w, https:\/\/kehl.dakd.de\/wp-content\/uploads\/2022\/09\/Dioezese-der-Armenische-Kirche-in-Deutschland-900-x-600-px-1-600x400.jpg 600w, https:\/\/kehl.dakd.de\/wp-content\/uploads\/2022\/09\/Dioezese-der-Armenische-Kirche-in-Deutschland-900-x-600-px-1-800x533.jpg 800w, https:\/\/kehl.dakd.de\/wp-content\/uploads\/2022\/09\/Dioezese-der-Armenische-Kirche-in-Deutschland-900-x-600-px-1.jpg 900w\" sizes=\"(max-width: 1024px) 100vw, (max-width: 640px) 100vw, 600px\" \/><\/a><\/span><\/div><\/div><\/div><div class=\"fusion-layout-column fusion_builder_column fusion-builder-column-5 fusion_builder_column_1_2 1_2 fusion-flex-column\" style=\"--awb-bg-size:cover;--awb-width-large:50%;--awb-margin-top-large:0px;--awb-spacing-right-large:3.84%;--awb-margin-bottom-large:20px;--awb-spacing-left-large:3.84%;--awb-width-medium:100%;--awb-order-medium:0;--awb-spacing-right-medium:1.92%;--awb-spacing-left-medium:1.92%;--awb-width-small:100%;--awb-order-small:0;--awb-spacing-right-small:1.92%;--awb-spacing-left-small:1.92%;\"><div class=\"fusion-column-wrapper fusion-column-has-shadow fusion-flex-justify-content-flex-start fusion-content-layout-column\"><div class=\"fusion-image-element\" style=\"--awb-caption-title-font-family:var(--h2_typography-font-family);--awb-caption-title-font-weight:var(--h2_typography-font-weight);--awb-caption-title-font-style:var(--h2_typography-font-style);--awb-caption-title-size:var(--h2_typography-font-size);--awb-caption-title-transform:var(--h2_typography-text-transform);--awb-caption-title-line-height:var(--h2_typography-line-height);--awb-caption-title-letter-spacing:var(--h2_typography-letter-spacing);\"><span class=\"fusion-imageframe imageframe-none imageframe-4 hover-type-none\"><a class=\"fusion-no-lightbox\" href=\"https:\/\/dakd.de\/mitgliedschaft\/\" target=\"_blank\" aria-label=\"Eintreten\" rel=\"noopener noreferrer\"><img decoding=\"async\" width=\"900\" height=\"600\" src=\"https:\/\/kehl.dakd.de\/wp-content\/uploads\/2022\/09\/Eintreten.jpg\" alt class=\"img-responsive wp-image-16334\" srcset=\"https:\/\/kehl.dakd.de\/wp-content\/uploads\/2022\/09\/Eintreten-200x133.jpg 200w, https:\/\/kehl.dakd.de\/wp-content\/uploads\/2022\/09\/Eintreten-400x267.jpg 400w, https:\/\/kehl.dakd.de\/wp-content\/uploads\/2022\/09\/Eintreten-600x400.jpg 600w, https:\/\/kehl.dakd.de\/wp-content\/uploads\/2022\/09\/Eintreten-800x533.jpg 800w, https:\/\/kehl.dakd.de\/wp-content\/uploads\/2022\/09\/Eintreten.jpg 900w\" sizes=\"(max-width: 1024px) 100vw, (max-width: 640px) 100vw, 600px\" \/><\/a><\/span><\/div><\/div><\/div><\/div><\/div><div class=\"fusion-fullwidth fullwidth-box fusion-builder-row-4 fusion-flex-container nonhundred-percent-fullwidth non-hundred-percent-height-scrolling fusion-no-small-visibility\" style=\"--awb-border-radius-top-left:0px;--awb-border-radius-top-right:0px;--awb-border-radius-bottom-right:0px;--awb-border-radius-bottom-left:0px;--awb-flex-wrap:wrap;\" ><div class=\"fusion-builder-row fusion-row fusion-flex-align-items-flex-start fusion-flex-content-wrap\" style=\"max-width:1248px;margin-left: calc(-4% \/ 2 );margin-right: calc(-4% \/ 2 );\"><div class=\"fusion-layout-column fusion_builder_column fusion-builder-column-6 fusion_builder_column_1_1 1_1 fusion-flex-column\" style=\"--awb-bg-size:cover;--awb-width-large:100%;--awb-margin-top-large:0px;--awb-spacing-right-large:1.92%;--awb-margin-bottom-large:20px;--awb-spacing-left-large:1.92%;--awb-width-medium:100%;--awb-order-medium:0;--awb-spacing-right-medium:1.92%;--awb-spacing-left-medium:1.92%;--awb-width-small:100%;--awb-order-small:0;--awb-spacing-right-small:1.92%;--awb-spacing-left-small:1.92%;\"><div class=\"fusion-column-wrapper fusion-column-has-shadow fusion-flex-justify-content-flex-start fusion-content-layout-column\"><div class=\"fusion-separator fusion-full-width-sep\" style=\"align-self: center;margin-left: auto;margin-right: auto;margin-top:15px;margin-bottom:15px;width:100%;\"><div class=\"fusion-separator-border sep-double sep-solid\" style=\"--awb-height:20px;--awb-amount:20px;--awb-sep-color:var(--awb-custom11);border-color:var(--awb-custom11);border-top-width:1px;border-bottom-width:1px;\"><\/div><\/div><div class=\"fusion-text fusion-text-5\" style=\"--awb-text-transform:none;\"><p>Jeden Sonntag laden wir unsere Gemeinde zum Feier der Heiligen Liturgie ein. Sie wird auf Armenisch \u054d\u0578\u0582\u0580\u0562 \u054a\u0561\u057f\u0561\u0580\u0561\u0563 (je nach Aussprache: Surb Patarag \/ Surp Badarak). Im Zentrum des <span style=\"color: #003366;\"><strong><a style=\"color: #003366;\" href=\"https:\/\/kehl.dakd.de\/am\/patarag\/\">Surb Patarags<\/a><\/strong>\u00a0<\/span>der Armenischen Apostolischen Kirche, steht das Letzte Mahl Jesu Christi mit seinen J\u00fcngern.<\/p>\n<p>Bekennende Christen besuchen Sonntags den Surb Patarag, um in der Gemeinschaft der Gl\u00e4ubigen das Leiden und die Auferstehung des Herrn zu gedenken. Dabei nehmen sie w\u00e4hrend des Surb Patarags am <span style=\"color: #ff9900;\"><strong><a style=\"color: #ff9900;\" href=\"https:\/\/kehl.dakd.de\/am\/eucharistie\/\" target=\"_blank\" rel=\"noopener\">Surb Haghordutyun (Hl. Kommunion)<\/a><\/strong> <\/span>teil. Daraus sch\u00f6pfen sie Kraft f\u00fcr das Leben und Wirken mit und in Christus. Sie besuchen Sonntags und an den Feiertagen die Kirche, weil sie dort Gott und Seine lebendige Kirche, die Gemeinschaft der Heiligen, die Gemeinschaft, der an Jesus Christus glaubenden Menschen begegnen und daran teilnehmen m\u00f6chten. Und dies tun sie aus der Liebe heraus.<\/p>\n<p><strong><span style=\"color: #003366;\">Wir laden auch Sie ganz herzlich zu unserem n\u00e4chsten Gottesdienst ein.<\/span><\/strong><\/p>\n<p>Sie werden in Altarmenisch (Grabar) zelebriert. Doch es liegen \u00dcbersetzungen vor, mit deren Hilfe man den Gottesdienst folgen kann. Die Lesungen werden in Armenisch, der Predigt wird in Armenisch und\/oder Deutsch gehalten.<\/p>\n<p><span style=\"color: #003366;\"><strong>Bei Fragen k\u00f6nnen Sie sich gerne an uns wenden<\/strong>. <\/span><\/p>\n<p>Sie k\u00f6nnen aber gerne auch unser <strong><span style=\"color: #339966;\"><a style=\"color: #339966;\" href=\"https:\/\/kehl.dakd.de\/am\/newsletter\/\" target=\"_blank\" rel=\"noopener\">Newsletter abonnieren<\/a><\/span><\/strong>,<br \/>\nSie k\u00f6nnen uns gerne ihr <span style=\"color: #800080;\"><strong><a style=\"color: #800080;\" href=\"http:\/\/agbw.org\/gebet\/\" target=\"_blank\" rel=\"noopener\">Gebetsanliegen<\/a><\/strong> <\/span>f\u00fcr Gesundheit oder Verstorbene mitteilen,<br \/>\noder auf unserer Seite f\u00fcndig werden, vor allem&#8230;<\/p>\n<ul style=\"list-style-type: square;\">\n<li>Wenn Sie vorab mehr \u00fcber<br \/>\n<strong><span style=\"color: #ff0000;\"><a style=\"color: #ff0000;\" href=\"https:\/\/kehl.dakd.de\/am\/katechese\/\" target=\"_blank\" rel=\"noopener\">Glaube<\/a><\/span><\/strong>, <a href=\"https:\/\/kehl.dakd.de\/am\/bekennen\/\" target=\"_blank\" rel=\"noopener\"><strong><span style=\"color: #003366;\">Bekenntnis<\/span><\/strong><\/a> oder <span style=\"color: #ff6600;\"><strong><a style=\"color: #ff6600;\" href=\"https:\/\/kehl.dakd.de\/am\/patarag\/\" target=\"_blank\" rel=\"noopener\">Surb Patarag<\/a> <\/strong><\/span>erfahren m\u00f6chten&#8230;<\/li>\n<li>Wenn Sie sich fragen,<br \/>\nwarum man <strong><span style=\"color: #800080;\"><a style=\"color: #800080;\" href=\"https:\/\/agbw.org\/teilnahme-am-patarag\/\" target=\"_blank\" rel=\"noopener\">Sonntags noch in die Kirche<\/a><\/span><\/strong> muss&#8230;<\/li>\n<li>Wenn Sie Informationen<br \/>\nzu einem kirchlichen <span style=\"color: #b01515;\"><strong><a style=\"color: #b01515;\" href=\"https:\/\/kehl.dakd.de\/am\/kirchenjahr\/\" target=\"_blank\" rel=\"noopener\">Fest oder Gedenktag<\/a><\/strong><\/span> brauchen&#8230;<\/li>\n<li>Wenn Sie an einem anderen Tag und anderem Ort<br \/>\narmenischen <span style=\"color: #003300;\"><strong><a style=\"color: #003300;\" href=\"https:\/\/kehl.dakd.de\/am\/gves\/\" target=\"_blank\" rel=\"noopener\">Surb Patarag besuchen<\/a><\/strong><\/span> m\u00f6chten&#8230;<\/li>\n<li>Wenn Sie Fragen oder Gespr\u00e4chsbedarf haben.<\/li>\n<\/ul>\n<\/div><\/div><\/div><\/div><\/div><div class=\"fusion-fullwidth fullwidth-box fusion-builder-row-5 fusion-flex-container nonhundred-percent-fullwidth non-hundred-percent-height-scrolling fusion-no-small-visibility\" style=\"--awb-border-color:#e2e2e2;--awb-border-radius-top-left:0px;--awb-border-radius-top-right:0px;--awb-border-radius-bottom-right:0px;--awb-border-radius-bottom-left:0px;--awb-padding-top:30px;--awb-padding-right:30px;--awb-padding-bottom:30px;--awb-padding-left:30px;--awb-background-color:#dddddd;--awb-flex-wrap:wrap;\" ><div class=\"fusion-builder-row fusion-row fusion-flex-align-items-flex-start fusion-flex-content-wrap\" style=\"max-width:1248px;margin-left: calc(-4% \/ 2 );margin-right: calc(-4% \/ 2 );\"><div class=\"fusion-layout-column fusion_builder_column fusion-builder-column-7 fusion_builder_column_1_1 1_1 fusion-flex-column\" style=\"--awb-bg-size:cover;--awb-width-large:100%;--awb-margin-top-large:0px;--awb-spacing-right-large:1.92%;--awb-margin-bottom-large:20px;--awb-spacing-left-large:1.92%;--awb-width-medium:100%;--awb-order-medium:0;--awb-spacing-right-medium:1.92%;--awb-spacing-left-medium:1.92%;--awb-width-small:100%;--awb-order-small:0;--awb-spacing-right-small:1.92%;--awb-spacing-left-small:1.92%;\"><div class=\"fusion-column-wrapper fusion-column-has-shadow fusion-flex-justify-content-flex-start fusion-content-layout-column\"><div class=\"fusion-title title fusion-title-2 fusion-sep-none fusion-title-text fusion-title-size-three\"><h3 class=\"fusion-title-heading title-heading-left\" style=\"margin:0;\">TEILEN SIE MIT UNS IHR GEBETSANLIEGEN<\/h3><\/div><div class=\"fusion-text fusion-text-6\" style=\"--awb-text-transform:none;\"><p>Sie w\u00fcnschen sich ein <a href=\"https:\/\/kehl.dakd.de\/am\/gebet\/\" target=\"_blank\" rel=\"noopener\">Gebet<\/a> des Pfarrers f\u00fcr eine besondere Sache oder ein bestimmtes Anliegen? Gerne k\u00f6nnen Sie dies ihrem <a href=\"https:\/\/kehl.dakd.de\/am\/pfarrer_sardaryan\/\" target=\"_blank\" rel=\"noopener\">Gemeindepfarrer<\/a> oder uns hier mitteilen. Wir werden f\u00fcr Sie beten.\u00a0Sie k\u00f6nnen ihr pers\u00f6nliches Gebetsanliegen gleich hier schreiben und es an uns senden. Schreiben Sie uns, wenn Sie eine R\u00fcckmeldung w\u00fcnschen.<\/p>\n<\/div><p class=\"wpcf7-contact-form-not-found\"><strong>Error:<\/strong> Contact form not found.<\/p><\/div><\/div><\/div><\/div><div class=\"fusion-fullwidth fullwidth-box fusion-builder-row-6 fusion-flex-container nonhundred-percent-fullwidth non-hundred-percent-height-scrolling fusion-no-medium-visibility fusion-no-large-visibility\" style=\"--awb-border-radius-top-left:0px;--awb-border-radius-top-right:0px;--awb-border-radius-bottom-right:0px;--awb-border-radius-bottom-left:0px;--awb-flex-wrap:wrap;\" ><div class=\"fusion-builder-row fusion-row fusion-flex-align-items-flex-start fusion-flex-content-wrap\" style=\"max-width:1248px;margin-left: calc(-4% \/ 2 );margin-right: calc(-4% \/ 2 );\"><div class=\"fusion-layout-column fusion_builder_column fusion-builder-column-8 fusion_builder_column_1_1 1_1 fusion-flex-column\" style=\"--awb-bg-size:cover;--awb-width-large:100%;--awb-margin-top-large:0px;--awb-spacing-right-large:1.92%;--awb-margin-bottom-large:20px;--awb-spacing-left-large:1.92%;--awb-width-medium:100%;--awb-order-medium:0;--awb-spacing-right-medium:1.92%;--awb-spacing-left-medium:1.92%;--awb-width-small:100%;--awb-order-small:0;--awb-spacing-right-small:1.92%;--awb-spacing-left-small:1.92%;\"><div class=\"fusion-column-wrapper fusion-column-has-shadow fusion-flex-justify-content-flex-start fusion-content-layout-column\"><div ><a class=\"fusion-button button-flat fusion-button-default-size button-default fusion-button-default button-2 fusion-button-default-span fusion-button-default-type\" target=\"_blank\" rel=\"noopener noreferrer\" href=\"https:\/\/dakd.de\/gebet\/\"><span class=\"fusion-button-text\">Teilen Sie uns Ihr Gebetsanliegen<\/span><\/a><\/div><div class=\"fusion-separator fusion-full-width-sep\" style=\"align-self: center;margin-left: auto;margin-right: auto;margin-top:15px;margin-bottom:15px;width:100%;\"><\/div><div ><a class=\"fusion-button button-flat fusion-button-default-size button-default fusion-button-default button-3 fusion-button-default-span fusion-button-default-type\" target=\"_self\" href=\"https:\/\/kehl.dakd.de\/am\/spenden\/\"><span class=\"fusion-button-text\">Mit einer Spende unterst\u00fctzen<\/span><\/a><\/div><div class=\"fusion-separator fusion-full-width-sep\" style=\"align-self: center;margin-left: auto;margin-right: auto;margin-top:15px;margin-bottom:15px;width:100%;\"><\/div><div ><a class=\"fusion-button button-flat fusion-button-default-size button-default fusion-button-default button-4 fusion-button-default-span fusion-button-default-type\" target=\"_self\" href=\"https:\/\/dakd.de\/mitgliedschaft\/\"><span class=\"fusion-button-text\">Jetzt Mitgliedschaft beantragen<\/span><\/a><\/div><\/div><\/div><\/div><\/div><div class=\"fusion-fullwidth fullwidth-box fusion-builder-row-7 fusion-flex-container hundred-percent-fullwidth non-hundred-percent-height-scrolling fusion-no-small-visibility\" style=\"--awb-background-position:left top;--awb-border-sizes-top:10px;--awb-border-sizes-bottom:10px;--awb-border-sizes-left:0px;--awb-border-sizes-right:0px;--awb-border-radius-top-left:0px;--awb-border-radius-top-right:0px;--awb-border-radius-bottom-right:0px;--awb-border-radius-bottom-left:0px;--awb-padding-top:60px;--awb-padding-right:0px;--awb-padding-bottom:30px;--awb-padding-left:0px;--awb-background-color:#ffac00;--awb-flex-wrap:wrap;\" ><div class=\"fusion-builder-row fusion-row fusion-flex-align-items-stretch fusion-flex-content-wrap\" style=\"width:104% !important;max-width:104% !important;margin-left: calc(-4% \/ 2 );margin-right: calc(-4% \/ 2 );\"><div class=\"fusion-layout-column fusion_builder_column fusion-builder-column-9 fusion_builder_column_1_2 1_2 fusion-flex-column fusion-column-inner-bg-wrapper\" style=\"--awb-padding-top:10%;--awb-padding-right:10%;--awb-padding-bottom:10%;--awb-padding-left:10%;--awb-inner-bg-image:url(&#039;http:\/\/kehl.dakd.de\/wp-content\/uploads\/2020\/02\/1582-auf-1164-signature.jpg&#039;);--awb-inner-bg-size:cover;--awb-width-large:50%;--awb-margin-top-large:0px;--awb-spacing-right-large:3.84%;--awb-margin-bottom-large:20px;--awb-spacing-left-large:3.84%;--awb-width-medium:100%;--awb-order-medium:0;--awb-spacing-right-medium:1.92%;--awb-spacing-left-medium:1.92%;--awb-width-small:100%;--awb-order-small:0;--awb-spacing-right-small:1.92%;--awb-spacing-left-small:1.92%;\"><span class=\"fusion-column-inner-bg hover-type-none\"><a class=\"fusion-column-anchor\" href=\"https:\/\/dakd.de\/mitgliedschaft\/\" rel=\"noopener noreferrer\" target=\"_blank\"><span class=\"fusion-column-inner-bg-image\"><\/span><\/a><\/span><div class=\"fusion-column-wrapper fusion-column-has-shadow fusion-flex-justify-content-center fusion-content-layout-column fusion-empty-column-bg-image fusion-column-has-bg-image\" data-bg-url=\"http:\/\/kehl.dakd.de\/wp-content\/uploads\/2020\/02\/1582-auf-1164-signature.jpg\"><img decoding=\"async\" class=\"fusion-empty-dims-img-placeholder fusion-no-large-visibility\" src=\"data:image\/gif;base64,R0lGODlhAQABAAAAACH5BAEKAAEALAAAAAABAAEAAAICTAEAOw==\"><\/div><\/div><div class=\"fusion-layout-column fusion_builder_column fusion-builder-column-10 fusion_builder_column_1_2 1_2 fusion-flex-column\" style=\"--awb-padding-top:10%;--awb-padding-right:10%;--awb-padding-bottom:10%;--awb-padding-left:10%;--awb-bg-size:cover;--awb-width-large:50%;--awb-margin-top-large:0px;--awb-spacing-right-large:3.84%;--awb-margin-bottom-large:0px;--awb-spacing-left-large:3.84%;--awb-width-medium:100%;--awb-spacing-right-medium:1.92%;--awb-spacing-left-medium:1.92%;--awb-width-small:100%;--awb-spacing-right-small:1.92%;--awb-spacing-left-small:1.92%;\"><div class=\"fusion-column-wrapper fusion-column-has-shadow fusion-flex-justify-content-center fusion-content-layout-column\"><div class=\"fusion-title title fusion-title-3 fusion-sep-none fusion-title-center fusion-title-text fusion-title-size-two\"><h2 class=\"fusion-title-heading title-heading-center\" style=\"margin:0;\"><p style=\"text-align: center;\"><span style=\"color: #ffffff;\">Werden Sie Mitglied!<\/span><\/p><\/h2><\/div><div class=\"fusion-text fusion-text-7\"><p style=\"text-align: center;\"><span style=\"color: #ffffff;\">Unterst\u00fctzen Sie die Armenische Apostolische Kirche und Ihre Kirchengemeinde mit Ihrem Mitgliedsbeitrag. Werden Sie jetzt aktiv!<\/span><\/p>\n<\/div><div style=\"text-align:center;\"><a class=\"fusion-button button-flat fusion-button-default-size button-default fusion-button-default button-5 fusion-button-default-span fusion-button-default-type\" target=\"_blank\" rel=\"noopener noreferrer\" href=\"https:\/\/dakd.de\/mitgliedschaft\/\"><span class=\"fusion-button-text\">JETZT MITGLIEDSCHAFT BEANTRAGEN<\/span><\/a><\/div><\/div><\/div><\/div><\/div>\n<\/p>","protected":false},"excerpt":{"rendered":"<p>\u0533 \u056f\u056b\u0582\u0580\u0561\u056f\u0567 \u0554\u0561\u057c\u0561\u057d\u0576\u0578\u0580\u0564\u0561\u056f\u0561\u0576 \u057a\u0561\u0570\u0578\u0581 (\u0531\u0576\u0561\u057c\u0561\u056f\u056b\u0576) \/ 3. Sonntag der Gro\u00dfen Fastenzeit (Sonntag des Verlorenen Sohnes)<\/p>","protected":false},"author":12,"featured_media":13056,"template":"","meta":{"_tribe_events_status":"","_tribe_events_status_reason":"","footnotes":""},"tags":[194,197],"tribe_events_cat":[102,103],"class_list":["post-16246","tribe_events","type-tribe_events","status-publish","has-post-thumbnail","hentry","tag-surb-patarag-in-kehl","tag-197","tribe_events_cat-gottesdienst","tribe_events_cat-patarag","cat_gottesdienst","cat_patarag"],"_links":{"self":[{"href":"https:\/\/kehl.dakd.de\/am\/wp-json\/wp\/v2\/tribe_events\/16246","targetHints":{"allow":["GET"]}}],"collection":[{"href":"https:\/\/kehl.dakd.de\/am\/wp-json\/wp\/v2\/tribe_events"}],"about":[{"href":"https:\/\/kehl.dakd.de\/am\/wp-json\/wp\/v2\/types\/tribe_events"}],"author":[{"embeddable":true,"href":"https:\/\/kehl.dakd.de\/am\/wp-json\/wp\/v2\/users\/12"}],"version-history":[{"count":0,"href":"https:\/\/kehl.dakd.de\/am\/wp-json\/wp\/v2\/tribe_events\/16246\/revisions"}],"wp:featuredmedia":[{"embeddable":true,"href":"https:\/\/kehl.dakd.de\/am\/wp-json\/wp\/v2\/media\/13056"}],"wp:attachment":[{"href":"https:\/\/kehl.dakd.de\/am\/wp-json\/wp\/v2\/media?parent=16246"}],"wp:term":[{"taxonomy":"post_tag","embeddable":true,"href":"https:\/\/kehl.dakd.de\/am\/wp-json\/wp\/v2\/tags?post=16246"},{"taxonomy":"tribe_events_cat","embeddable":true,"href":"https:\/\/kehl.dakd.de\/am\/wp-json\/wp\/v2\/tribe_events_cat?post=16246"}],"curies":[{"name":"wp","href":"https:\/\/api.w.org\/{rel}","templated":true}]}}